{"id":47,"date":"2012-02-01T17:26:28","date_gmt":"2012-02-01T17:26:28","guid":{"rendered":"http:\/\/www.fv.ulpgc.es\/?page_id=47"},"modified":"2025-12-01T23:49:48","modified_gmt":"2025-12-01T23:49:48","slug":"sistema-de-garantia-de-calidad","status":"publish","type":"page","link":"https:\/\/www.vet.ulpgc.es\/en\/la-facultad\/sistema-de-garantia-de-calidad\/","title":{"rendered":"Quality management system"},"content":{"rendered":"<div data-elementor-type=\"wp-page\" data-elementor-id=\"47\" class=\"elementor elementor-47\" data-elementor-post-type=\"page\">\n\t\t\t\t\t\t<section class=\"elementor-section elementor-top-section elementor-element elementor-element-6d917775 elementor-section-boxed elementor-section-height-default elementor-section-height-default\" data-id=\"6d917775\" data-element_type=\"section\" data-e-type=\"section\">\n\t\t\t\t\t\t<div class=\"elementor-container elementor-column-gap-default\">\n\t\t\t\t\t<div class=\"elementor-column elementor-col-100 elementor-top-column elementor-element elementor-element-68564fbf\" data-id=\"68564fbf\" data-element_type=\"column\" data-e-type=\"column\">\n\t\t\t<div class=\"elementor-widget-wrap elementor-element-populated\">\n\t\t\t\t\t\t<section class=\"elementor-section elementor-inner-section elementor-element elementor-element-4e7c5c6 elementor-section-boxed elementor-section-height-default elementor-section-height-default\" data-id=\"4e7c5c6\" data-element_type=\"section\" data-e-type=\"section\">\n\t\t\t\t\t\t<div class=\"elementor-container elementor-column-gap-default\">\n\t\t\t\t\t<div class=\"elementor-column elementor-col-66 elementor-inner-column elementor-element elementor-element-ba8baba\" data-id=\"ba8baba\" data-element_type=\"column\" data-e-type=\"column\">\n\t\t\t<div class=\"elementor-widget-wrap elementor-element-populated\">\n\t\t\t\t\t\t<div class=\"elementor-element elementor-element-ee619d2 elementor-widget elementor-widget-text-editor\" data-id=\"ee619d2\" data-element_type=\"widget\" data-e-type=\"widget\" data-widget_type=\"text-editor.default\">\n\t\t\t\t<div class=\"elementor-widget-container\">\n\t\t\t\t\t\t\t\t\t<p>The Faculty&#039;s Quality Management System was developed thanks to the support of the\u00a0<a title=\"http:\/\/www.webs.ulpgc.es\/calidad\/\" href=\"http:\/\/www.webs.ulpgc.es\/calidad\/\" target=\"_blank\" rel=\"noopener\">Evaluation Office\u00a0<\/a><a title=\"http:\/\/www.webs.ulpgc.es\/calidad\/\" href=\"http:\/\/www.webs.ulpgc.es\/calidad\/\" target=\"_blank\" rel=\"noopener\">Institutional Office of the Vice President for Quality of the ULPGC<\/a>\u00a0who helped us to participate in the first pilot project <a href=\"http:\/\/www.aneca.es\/Programas\/AUDIT\" target=\"_blank\" rel=\"noopener\">AUDITING<\/a> together with the Faculty of Translation and Interpreting. The first document, the ULPGC framework model, was prepared by the Cabinet in February 2008 and in March it was reviewed by the Quality Commission and approved by the Faculty of Veterinary Medicine.<\/p><div><p>In January 2009, the ANECA allegations were incorporated and finally in September 2009 we received the<a title=\"ANECA AUDIT final report on the SGC of the Faculty of Veterinary Medicine of the ULPGC\" href=\"\/wp-content\/uploads\/2012\/02\/auditfinal.pdf\" target=\"_blank\" rel=\"noopener\"> final report<\/a>\u00a0and the certificate that certifies that the SGC complies with the standards and guidelines established in the AUDIT program. The implementation began in the 2009-2010 academic year and specifically in April 2010 is when we began its full implementation.<\/p><p>On June 13, 2018, the Resolution of the Certification Commission of the ANECA AUDIT program was received, FAVORABLY reporting the implementation of the Quality Management System (<a href=\"\/wp-content\/uploads\/2018\/06\/Inf-Com-Certific-ULPGC-Fac-Veterinaria-V1.pdf\" target=\"_blank\" rel=\"noopener\">report<\/a>).<\/p><p>El 29 de noviembre de 2023 se recibe la Resoluci\u00f3n de Comisi\u00f3n de Certificaci\u00f3n del programa AUDIT (ANECA) en la que se informa FAVORABLEMENTE de la renovaci\u00f3n del Sistema de Gesti\u00f3n de la Calidad de la Facultad de Veterinaria (<a href=\"https:\/\/www.fv.ulpgc.es\/wp-content\/uploads\/2023\/11\/U.GRAN-CANARIA.-VETERINARIA.pdf\">report<\/a>)<\/p><p>El 15 de febrero de 2024 se Resoluci\u00f3n de la Secretar\u00eda General de Universidades ( ANECA) en la que se informa FAVORABLEMENTE de la Acreditaci\u00f3n Institucional de la Facultad de Veterinaria (<a href=\"https:\/\/www.vet.ulpgc.es\/wp-content\/uploads\/2025\/08\/716150695056964268097518.pdf\">report<\/a>)<\/p><\/div>\t\t\t\t\t\t\t\t<\/div>\n\t\t\t\t<\/div>\n\t\t\t\t\t<\/div>\n\t\t<\/div>\n\t\t\t\t<div class=\"elementor-column elementor-col-33 elementor-inner-column elementor-element elementor-element-3edba99\" data-id=\"3edba99\" data-element_type=\"column\" data-e-type=\"column\">\n\t\t\t<div class=\"elementor-widget-wrap elementor-element-populated\">\n\t\t\t\t\t\t<div class=\"elementor-element elementor-element-2151e4c elementor-widget elementor-widget-image\" data-id=\"2151e4c\" data-element_type=\"widget\" data-e-type=\"widget\" data-widget_type=\"image.default\">\n\t\t\t\t<div class=\"elementor-widget-container\">\n\t\t\t\t\t\t\t\t\t\t\t\t\t\t\t\t<a href=\"https:\/\/www.fv.ulpgc.es\/wp-content\/uploads\/2023\/12\/U.LAS-PALMAS-DE-GRAN-CANARIA.-VETERINARIA-1.pdf\" target=\"_blank\" rel=\"audit\" title=\"audit\">\n\t\t\t\t\t\t\t<img decoding=\"async\" src=\"https:\/\/www.vet.ulpgc.es\/wp-content\/uploads\/elementor\/thumbs\/Certificado-AUDIT_ULPGC_Fac.-Veterinaria-q7rg3wlikvyh7qb2ghvy5w6w6o2tim84d35j1i3jaa.png\" title=\"Certificado AUDIT_ULPGC_Fac. Veterinaria\" alt=\"Certificado AUDIT ULPGC Facultad Veterinaria\" loading=\"lazy\" \/>\t\t\t\t\t\t\t\t<\/a>\n\t\t\t\t\t\t\t\t\t\t\t\t\t\t\t<\/div>\n\t\t\t\t<\/div>\n\t\t\t\t\t<\/div>\n\t\t<\/div>\n\t\t\t\t\t<\/div>\n\t\t<\/section>\n\t\t\t\t<div class=\"elementor-element elementor-element-f6c1d40 elementor-widget elementor-widget-eael-adv-accordion\" data-id=\"f6c1d40\" data-element_type=\"widget\" data-e-type=\"widget\" data-widget_type=\"eael-adv-accordion.default\">\n\t\t\t\t<div class=\"elementor-widget-container\">\n\t\t\t\t\t            <div class=\"eael-adv-accordion\" id=\"eael-adv-accordion-f6c1d40\" data-scroll-on-click=\"no\" data-scroll-speed=\"300\" data-accordion-id=\"f6c1d40\" data-accordion-type=\"accordion\" data-toogle-speed=\"300\">\n            <div class=\"eael-accordion-list\">\n\t\t\t\t\t<div id=\"comisin-de-calidad\" class=\"elementor-tab-title eael-accordion-header\" tabindex=\"0\" data-tab=\"1\" aria-controls=\"elementor-tab-content-2581\"><span class=\"eael-advanced-accordion-icon-closed\"><i aria-hidden=\"true\" class=\"fa-accordion-icon fas fa-plus\"><\/i><\/span><span class=\"eael-advanced-accordion-icon-opened\"><i aria-hidden=\"true\" class=\"fa-accordion-icon fas fa-minus\"><\/i><\/span><span class=\"eael-accordion-tab-title\">Quality Commission<\/span><i aria-hidden=\"true\" class=\"fa-toggle fas fa-angle-right\"><\/i><\/div><div id=\"elementor-tab-content-2581\" class=\"eael-accordion-content clearfix\" data-tab=\"1\" aria-labelledby=\"comisin-de-calidad\"><h4>Members<\/h4><ul><li><strong>Dean.\u00a0<\/strong>Miguel Batista Arteaga<\/li><li><strong>Vice Dean of Quality and Equality.\u00a0\u00a0<\/strong>Mar\u00eda del Pino Palacios D\u00edaz (Secretary).<\/li><li><strong>Vice Dean of Ordination and Academic Coordination. <\/strong>Soraya Deniz Suarez.<\/li><li><strong>Faculty:<\/strong><ul><li><strong>Depts. of Biochemistry, Molecular Biology, Physiology and Immunology + Biology + Physics + Mathematics + Chemistry. <\/strong><ul><li>Juan Rocha Mart\u00edn (T)\/Domingo Navarro Bosch (S)<\/li><\/ul><\/li><li><strong>Department of Clinical Sciences.<\/strong><ul><li>Vacant<\/li><\/ul><\/li><li><strong>Dept. of Morphology.\u00a0<\/strong><ul><li>Marisa Andrada Borzollino (T) \/ Antonio Espinosa de los Monteros y Zayas (S)<\/li><\/ul><\/li><li><strong>Dept. of Animal Pathology, Animal Production, Bromatology and Food Technology.<\/strong><ul><li>Vanessa Mendoza Grimon (T) \/ Ruben Rosales Santana (S)<\/li><\/ul><\/li><\/ul><\/li><li><strong>Administration and Services Staff (Building Administrator or person delegated).\u00a0<\/strong><ul><li>Mar\u00eda Victoria Moreno Jim\u00e9nez (T) \/Vacante (S)<\/li><\/ul><\/li><li><strong>students (2) <\/strong><ul><li>Samuel Santana Perez<\/li><li>Adonis David Dar\u00edas Guerrera<\/li><li>Iv\u00e1n Mart\u00edn D\u00e9niz(S)<\/li><\/ul><\/li><\/ul><h4>Commission website (<a href=\"https:\/\/fv.ulpgc.es\/la-facultad\/junta-de-facultad-comisiones-y-normativa-propia\/junta-de-facultad\/comision-de-garantia-de-calidad\/\" target=\"_blank\" rel=\"noopener\">Access to the minutes<\/a>)<\/h4><\/div>\n\t\t\t\t\t<\/div><div class=\"eael-accordion-list\">\n\t\t\t\t\t<div id=\"manual-del-sistema-de-gestin-de-la-calidad-ltima-versin-27032023\" class=\"elementor-tab-title eael-accordion-header\" tabindex=\"0\" data-tab=\"2\" aria-controls=\"elementor-tab-content-2582\"><span class=\"eael-advanced-accordion-icon-closed\"><i aria-hidden=\"true\" class=\"fa-accordion-icon fas fa-plus\"><\/i><\/span><span class=\"eael-advanced-accordion-icon-opened\"><i aria-hidden=\"true\" class=\"fa-accordion-icon fas fa-minus\"><\/i><\/span><span class=\"eael-accordion-tab-title\">Quality Management System Manual (latest version 03\/27\/2023*)<\/span><i aria-hidden=\"true\" class=\"fa-toggle fas fa-angle-right\"><\/i><\/div><div id=\"elementor-tab-content-2582\" class=\"eael-accordion-content clearfix\" data-tab=\"2\" aria-labelledby=\"manual-del-sistema-de-gestin-de-la-calidad-ltima-versin-27032023\"><ul><li><a href=\"\/wp-content\/uploads\/2023\/03\/MSGC00-M10-Portada-e-Indice-1.pdf\" target=\"_blank\" rel=\"noopener\">MSGC00 &#8211; M10 &#8211; Indice<\/a><\/li><li><a href=\"\/wp-content\/uploads\/2023\/03\/MSGC01-M10-Presentacion-del-SGC-de-la-Facultad-fdo.pdf\" target=\"_blank\" rel=\"noopener\">MSGC01- M10 &#8211; Presentaci\u00f3n del SGC<\/a><\/li><li><a href=\"\/wp-content\/uploads\/2023\/03\/MSGC02-M10-Presentacion-de-la-Facultad-firmado-1.pdf\" target=\"_blank\" rel=\"noopener\">MSGC02- M10 &#8211; Presentaci\u00f3n de la Facultad<\/a><\/li><li><a href=\"\/wp-content\/uploads\/2023\/03\/MSGC03-M10-Estructura-Organizativa-para-la-Gestion-de-la-Calidad-firmado.pdf\" target=\"_blank\" rel=\"noopener\">MSGC03- M10 &#8211; Estructura Organizativa<\/a><\/li><li><a href=\"\/wp-content\/uploads\/2023\/03\/MSGC04-M10-Gestion-de-los-Programas-Formativos-firmado.pdf\" target=\"_blank\" rel=\"noopener\">MSGC04- M10 &#8211; Gesti\u00f3n de los programas formativos<\/a><\/li><li><a href=\"\/wp-content\/uploads\/2023\/03\/MSGC05-M10-Gestion-del-Personal-Academico-y-de-Apoyo-firmado.pdf\" target=\"_blank\" rel=\"noopener\">MSGC05- M10 &#8211; Gesti\u00f3n del personal acad\u00e9mico y de apoyo<\/a><\/li><li><a href=\"\/wp-content\/uploads\/2023\/03\/MSGC06-M010-Gestion-de-Recursos-Materiales-y-Servicios-firmado.pdf\" target=\"_blank\" rel=\"noopener\">MSGC06- M10 &#8211; Gesti\u00f3n de los recursos materiales y servicios<\/a><\/li><li><a href=\"\/wp-content\/uploads\/2023\/03\/MSGC07-M10-Gestion-de-la-informacion-firmado.pdf\" target=\"_blank\" rel=\"noopener\">MSGC07- M10 &#8211; Gesti\u00f3n de la informaci\u00f3n<\/a><\/li><\/ul><p>* El lector debe saber que estos documentos se consideran \u00ab<em>Uncontrolled Copies<\/em>\u00ab<\/p><\/div>\n\t\t\t\t\t<\/div><div class=\"eael-accordion-list\">\n\t\t\t\t\t<div id=\"poltica-y-objetivos-generales-de-calidad\" class=\"elementor-tab-title eael-accordion-header\" tabindex=\"0\" data-tab=\"3\" aria-controls=\"elementor-tab-content-2583\"><span class=\"eael-advanced-accordion-icon-closed\"><i aria-hidden=\"true\" class=\"fa-accordion-icon fas fa-plus\"><\/i><\/span><span class=\"eael-advanced-accordion-icon-opened\"><i aria-hidden=\"true\" class=\"fa-accordion-icon fas fa-minus\"><\/i><\/span><span class=\"eael-accordion-tab-title\">Policy and General Quality Objectives<\/span><i aria-hidden=\"true\" class=\"fa-toggle fas fa-angle-right\"><\/i><\/div><div id=\"elementor-tab-content-2583\" class=\"eael-accordion-content clearfix\" data-tab=\"3\" aria-labelledby=\"poltica-y-objetivos-generales-de-calidad\"><p><a href=\"\/wp-content\/uploads\/2023\/04\/Politica-calidad-1.pdf\" target=\"_blank\" rel=\"noopener\">Policy and General Quality Objectives<\/a> (03-02-2023)<\/p><p><a href=\"https:\/\/www.vet.ulpgc.es\/wp-content\/uploads\/2025\/11\/PEC01_Ed04_Politica_Centro_revM12-firmado-2025.pdf\">Policy and General Quality Objectives<\/a> (03-2025)<\/p><\/div>\n\t\t\t\t\t<\/div><div class=\"eael-accordion-list\">\n\t\t\t\t\t<div id=\"objetivos-especficos-de-calidad\" class=\"elementor-tab-title eael-accordion-header\" tabindex=\"0\" data-tab=\"4\" aria-controls=\"elementor-tab-content-2584\"><span class=\"eael-advanced-accordion-icon-closed\"><i aria-hidden=\"true\" class=\"fa-accordion-icon fas fa-plus\"><\/i><\/span><span class=\"eael-advanced-accordion-icon-opened\"><i aria-hidden=\"true\" class=\"fa-accordion-icon fas fa-minus\"><\/i><\/span><span class=\"eael-accordion-tab-title\">Specific Quality Objectives<\/span><i aria-hidden=\"true\" class=\"fa-toggle fas fa-angle-right\"><\/i><\/div><div id=\"elementor-tab-content-2584\" class=\"eael-accordion-content clearfix\" data-tab=\"4\" aria-labelledby=\"objetivos-especficos-de-calidad\"><p><a href=\"https:\/\/www.fv.ulpgc.es\/wp-content\/uploads\/2023\/11\/ANEXO-I_objetivos-curso-2023_2024-aprobados-CGC-24_10_2023-1.pdf\">Objetivos Espec\u00edficos de Calidad del Centro 2023-2024<\/a><\/p><p><a href=\"https:\/\/www.vet.ulpgc.es\/wp-content\/uploads\/2025\/11\/objetivos-curso-2024_2025-aprobados-CGC-Octubre_2024.pdf\">Objetivos Espec\u00edficos de Calidad del Centro 2024-2025<\/a><\/p><p><a href=\"https:\/\/www.vet.ulpgc.es\/wp-content\/uploads\/2025\/11\/objetivos-curso-2025_2026-CGC-Octubre_2025.pdf\">Objetivos espec\u00edficos de Calidad del Centro 2025-2026<\/a><\/p><\/div>\n\t\t\t\t\t<\/div><div class=\"eael-accordion-list\">\n\t\t\t\t\t<div id=\"procedimientos-del-sistema-de-gestin-de-la-calidad\" class=\"elementor-tab-title eael-accordion-header\" tabindex=\"0\" data-tab=\"5\" aria-controls=\"elementor-tab-content-2585\"><span class=\"eael-advanced-accordion-icon-closed\"><i aria-hidden=\"true\" class=\"fa-accordion-icon fas fa-plus\"><\/i><\/span><span class=\"eael-advanced-accordion-icon-opened\"><i aria-hidden=\"true\" class=\"fa-accordion-icon fas fa-minus\"><\/i><\/span><span class=\"eael-accordion-tab-title\">Procedures of the Quality Management System*<\/span><i aria-hidden=\"true\" class=\"fa-toggle fas fa-angle-right\"><\/i><\/div><div id=\"elementor-tab-content-2585\" class=\"eael-accordion-content clearfix\" data-tab=\"5\" aria-labelledby=\"procedimientos-del-sistema-de-gestin-de-la-calidad\"><ul><li><strong>Strategic procedure:<\/strong><ul><li><a href=\"\/wp-content\/uploads\/2023\/03\/PEC01_Ed04_Politica_Centro_rev-firmado.pdf\" target=\"_blank\" rel=\"noopener\">PEC01 &#8211; Elaboraci\u00f3n y revisi\u00f3n de la pol\u00edtica de calidad.\u00a0<\/a>(M11 &#8211; 03-02-2023)<\/li><\/ul><\/li><li><strong>Key Procedures:<\/strong><ul><li><a href=\"\/wp-content\/uploads\/2023\/03\/PCC01_M10_Perfil-de-Ingreso-y-Captacion-de-Estudiantes-firmado.pdf\" target=\"_blank\" rel=\"noopener\">PCC01 &#8211; Definici\u00f3n del perfil de ingreso y captaci\u00f3n de estudiante<\/a>s (M11-10-02-2023)<\/li><li><a href=\"\/wp-content\/uploads\/2023\/03\/PCC02-PLANIF-ENSENANZAS-fdo.pdf\" target=\"_blank\" rel=\"noopener\">PCC02 &#8211; Planificaci\u00f3n de las ense\u00f1anzas\u00a0<\/a> (M11-10-02-2023)<\/li><li><a href=\"\/wp-content\/uploads\/2023\/03\/PCC03_M11_Orientacion-al-Estudiante-firmado.pdf\" target=\"_blank\" rel=\"noopener\">PCC03 &#8211; Orientaci\u00f3n al estudiantes<\/a> (M11-10-02-2023)<\/li><li><a href=\"\/wp-content\/uploads\/2023\/03\/PCC04_M11_Movilidad-de-los-Estudiantes-fdo.pdf\" target=\"_blank\" rel=\"noopener\">PCC04 &#8211; Gesti\u00f3n de la movilidad de los estudiantes<\/a> (M11-10-02-2023)<\/li><li><a href=\"\/wp-content\/uploads\/2023\/04\/PCC05_M11_Desarrollo-de-las-Ensenanzas-y-Evaluacion-de-Estudiantes-firmado-VC-revisado.pdf\" target=\"_blank\" rel=\"noopener\">PCC05 &#8211; Desarrollo de la ense\u00f1anza y evaluaci\u00f3n de estudiantes<\/a>\u00a0(M11-10-02-2023)<\/li><li><a href=\"\/wp-content\/uploads\/2023\/03\/PCC06_M05_Gestion-de-Trabajos-Fin-de-Titulo-fdo-Soraya.pdf\" target=\"_blank\" rel=\"noopener\">PCC06 &#8211; Gesti\u00f3n de los trabajos de fin de t\u00edtulo<\/a> (M05 &#8211; 10-02-2023)<\/li><li><a href=\"\/wp-content\/uploads\/2023\/03\/PCC07_M11_-Gestion-de-Practicas-Externas-firmado.pdf\" target=\"_blank\" rel=\"noopener\">PCC07 &#8211; Gesti\u00f3n de las pr\u00e1cticas externas<\/a> (M11-10-02-2023)<\/li><li><a href=\"\/wp-content\/uploads\/2023\/03\/PCC08_-M11_Informacion-Publica-firmado.pdf\" target=\"_blank\" rel=\"noopener\">PCC08 &#8211; Informaci\u00f3n p\u00fablica<\/a> (M11-10-02-2023)<\/li><\/ul><\/li><li><strong>Support Procedures:<\/strong><ul><li><a href=\"\/wp-content\/uploads\/2023\/03\/PAC01_M13_Gestion-Documentos-del-SGC-firmado.pdf\" target=\"_blank\" rel=\"noopener\">PAC01 &#8211; Gesti\u00f3n de los documentos del SGC<\/a> (M13 &#8211; 17-02-2023)<\/li><li><a href=\"\/wp-content\/uploads\/2023\/03\/PAC02_M11_Gestion-de-los-Recursos-Materiales-para-firmar-decano.pdf\" target=\"_blank\" rel=\"noopener\">PAC02 &#8211; Gesti\u00f3n de recursos materiales<\/a> (M11- 02-17-2023)<\/li><li><a href=\"\/wp-content\/uploads\/2023\/03\/PAC03_M11_Gestion-de-los-Servicios-20022023-firmado-administradora.pdf\" target=\"_blank\" rel=\"noopener\">PAC03 &#8211; Gesti\u00f3n de los servicios<\/a> (M11 &#8211; 03-03-2023)<\/li><li><a href=\"\/wp-content\/uploads\/2023\/04\/PAC04_M10_Gestion-Extincion-de-las-Ensenanzas-20222023-firmado.pdf\">PAC04 &#8211; Gesti\u00f3n de la extinci\u00f3n de las ense\u00f1anzas\u00a0<\/a>(M10 &#8211; 03-03-2023)<\/li><li><a href=\"\/wp-content\/uploads\/2023\/03\/PAC06_M11_-Gestion-de-Incidencias-Academicas-_-20222023-firmado-Miguel.pdf\" target=\"_blank\" rel=\"noopener\">PAC06 &#8211; Gesti\u00f3n de las incidencias acad\u00e9micas<\/a>\u00a0(M11 &#8211; 03-03-2023)<\/li><li><a href=\"\/wp-content\/uploads\/2023\/03\/PAC07_M11_Medicion-Satisfaccion-Expectativas-y-Necesidades-firmado-1.pdf\" target=\"_blank\" rel=\"noopener\">PAC07 &#8211; Medici\u00f3n de la satisfacci\u00f3n, expectativas y necesidades\u00a0<\/a>(M11 &#8211; 03-03-2023)<\/li><li><a href=\"\/wp-content\/uploads\/2023\/03\/PAC08_M10_Analisis-de-Resultados-y-Rendicion-de-Cuentas-firmado-decano.pdf\" target=\"_blank\" rel=\"noopener\">PAC08 &#8211; An\u00e1lisis de resultados y rendici\u00f3n de cuentas <\/a>\u00a0(M11 &#8211; 03-03-2023)<\/li><li><a href=\"\/wp-content\/uploads\/2023\/03\/PAC09_M04_-Gestion-de-No-Conformidades-alternativo_RGEI-fdo.pdf\" target=\"_blank\" rel=\"noopener\">PAC09 &#8211; Gesti\u00f3n de no conformidades <\/a>\u00a0(M11 &#8211; 03-03-2023)<\/li><\/ul><\/li><li><strong>Institutional Procedures:<\/strong><ul><li>Link to institutional procedures (<a title=\"ulpgc quality website\" href=\"http:\/\/www.calidad.ulpgc.es\/index.php\/m-sgc\/m-pinst\" target=\"_blank\" rel=\"noopener\">ULPGC Quality website<\/a>)<\/li><\/ul><\/li><\/ul><p>* El lector debe saber que estos documentos se consideran \u00ab<em>Uncontrolled Copies<\/em>\u00ab<\/p><\/div>\n\t\t\t\t\t<\/div><div class=\"eael-accordion-list\">\n\t\t\t\t\t<div id=\"resultados-de-informes-de-seguimiento-y-acreditacin-accuee\" class=\"elementor-tab-title eael-accordion-header\" tabindex=\"0\" data-tab=\"6\" aria-controls=\"elementor-tab-content-2586\"><span class=\"eael-advanced-accordion-icon-closed\"><i aria-hidden=\"true\" class=\"fa-accordion-icon fas fa-plus\"><\/i><\/span><span class=\"eael-advanced-accordion-icon-opened\"><i aria-hidden=\"true\" class=\"fa-accordion-icon fas fa-minus\"><\/i><\/span><span class=\"eael-accordion-tab-title\">Results of Monitoring and Accreditation Reports (ACCUEE)<\/span><i aria-hidden=\"true\" class=\"fa-toggle fas fa-angle-right\"><\/i><\/div><div id=\"elementor-tab-content-2586\" class=\"eael-accordion-content clearfix\" data-tab=\"6\" aria-labelledby=\"resultados-de-informes-de-seguimiento-y-acreditacin-accuee\"><p><strong>TITLE MONITORING REPORTS:<\/strong><\/p><p>After the verification process of the Council of Universities and the authorization of the Autonomous Community, the <a href=\"https:\/\/www3.gobiernodecanarias.org\/accuee\/files\/documentos\/Ttulos%20Oficiales\/Seguimiento%20Titulaciones\/Real%20Decreto%201393.2007.pdf\" target=\"_blank\" rel=\"noopener\">Royal Decree 1393\/2007<\/a>, of October 29, modified by the <a href=\"https:\/\/www3.gobiernodecanarias.org\/accuee\/files\/documentos\/Ttulos%20Oficiales\/Seguimiento%20Titulaciones\/Real%20decreto%20861.2010.%20pdf.pdf\" target=\"_blank\" rel=\"noopener\">Royal Decree 861\/2010<\/a>, of July 2, establishes the monitoring of the official titles registered in the <a href=\"https:\/\/www.educacion.gob.es\/ruct\/home\" target=\"_blank\" rel=\"noopener\">Registry of universities, centers and titles<\/a> (RUCT), hasta el momento en el que deban someterse de nuevo a la evaluaci\u00f3n para renovar su acreditaci\u00f3n.<\/p><p>As\u00ed pues, y teniendo en cuenta los Criterios y Directrices Europeos para la Gesti\u00f3n de la Calidad en la Educaci\u00f3n Superior, las recomendaciones de la REACU y las directrices b\u00e1sicas establecidas a nivel nacional sobre el seguimiento de t\u00edtulos oficiales que se recogen en el protocolo desarrollado por la <a href=\"https:\/\/www3.gobiernodecanarias.org\/accuee\/files\/documentos\/Ttulos%20Oficiales\/Seguimiento%20Titulaciones\/Protocolo_CURSA_Seguimiento__0207101.pdf\" target=\"_blank\" rel=\"noopener\">University Commission for the Regulation of Monitoring and Accreditation (CURSA)<\/a>; the <span style=\"color: #000000\"><a href=\"https:\/\/www3.gobiernodecanarias.org\/accuee\/es\/home.html\" target=\"_blank\" rel=\"noopener\">Canarian Agency for University Evaluation and Accreditation <\/a>(<\/span>ACCUEE) has launched a monitoring program for newly introduced degrees at the Universities of the Autonomous Community of the Canary Islands.<\/p><ul><li><span style=\"color: #000080\"><strong>Degree in Veterinary Medicine<\/strong><\/span><ul><li>El 9 de\u00a0octubre de 2013 recibimos el resultado \u00ab<strong>ACCORDING<\/strong>\u00bb en el\u00a0<a href=\"https:\/\/www2.ulpgc.es\/index.php?pagina=plan_estudio&amp;ver=pantalla&amp;numPantalla=24&amp;codTitulacion=4025&amp;codPlan=40&amp;tipotitulacion=G&amp;descargaPDF=Mzo0MDI1OjIwMTAxMQ==\" target=\"_blank\" rel=\"noopener\"><strong>monitoring report<\/strong>or the Title of <strong>Degree in Veterinary Medicine<\/strong><\/a> carried out by the ACCUEE.<\/li><li>On March 8, 2023 we received the<a href=\"\/wp-content\/uploads\/2023\/04\/20230306_ACCUEE_SEG2022_IF_GRA_Veterinaria-ULPGC_vDEF-1.pdf\"><strong> monitoring report<\/strong> of the Title of <strong>Degree in Veterinary Medicine<\/strong><\/a> made by the <strong>ACCUEE.<\/strong><\/li><\/ul><\/li><\/ul><p><strong>RENEWAL REPORTS OF TITLES ACCREDITATION:<\/strong><\/p><ul><li><span style=\"color: #000080\"><strong>Degree in Veterinary Medicine<\/strong><\/span><ul><li>In 2017 we received the first visit for the renewal of the Bachelor&#039;s degree accreditation:<\/li><li><strong>final report<\/strong>\u00a0\u00ab<strong>FAVORABLE<\/strong>\u00bb of the Canarian Agency for University Quality and Educational Evaluation (ACCUEE) in relation to the <strong><a href=\"\/wp-content\/uploads\/2017\/05\/Informe-final-de-acreditacion-grado.pdf\">accreditation renewal<\/a>\u00a0<\/strong>the study plan Degree in Veterinary Medicine.<ul><li><a href=\"\/wp-content\/uploads\/2017\/05\/ULPGC_ACREDITA_PlanMejoras_GVET_2017_R10.pdf\">Grade Improvement Plan<\/a>.<\/li><\/ul><\/li><li><strong>RESOLUTION<\/strong>\u00a0of the Council of Renewal Universities of the <a href=\"\/wp-content\/uploads\/2018\/03\/certificacion-renovacion-acreditacion-grado.pdf\">Accreditation of the Official Degree in Veterinary Medicine<\/a> from the University of Las Palmas De Gran Canaria.<\/li><li>In 2018, a <a title=\"Title 2018\" href=\"\/wp-content\/uploads\/2022\/10\/InformeANECAVeterinariaporlaUniversidaddeLasPalmasdeGranCanaria-modif-titulo-2018.pdf\" target=\"_blank\" rel=\"2018 T\u00edtulo noopener\">report favorable to a minor change of the Official Title<\/a>, by the National Agency for Quality Assessment and Accreditation (ANECA).<\/li><\/ul><\/li><\/ul><\/div>\n\t\t\t\t\t<\/div><div class=\"eael-accordion-list\">\n\t\t\t\t\t<div id=\"evidencias-de-informacin-pblica-segn-pcc08\" class=\"elementor-tab-title eael-accordion-header\" tabindex=\"0\" data-tab=\"7\" aria-controls=\"elementor-tab-content-2587\"><span class=\"eael-advanced-accordion-icon-closed\"><i aria-hidden=\"true\" class=\"fa-accordion-icon fas fa-plus\"><\/i><\/span><span class=\"eael-advanced-accordion-icon-opened\"><i aria-hidden=\"true\" class=\"fa-accordion-icon fas fa-minus\"><\/i><\/span><span class=\"eael-accordion-tab-title\">Evidence of Public Information according to PCC08<\/span><i aria-hidden=\"true\" class=\"fa-toggle fas fa-angle-right\"><\/i><\/div><div id=\"elementor-tab-content-2587\" class=\"eael-accordion-content clearfix\" data-tab=\"7\" aria-labelledby=\"evidencias-de-informacin-pblica-segn-pcc08\"><p><strong>PEC01 &#8211;\u00a0Elaboraci\u00f3n y revisi\u00f3n de la pol\u00edtica de calidad:<\/strong><\/p><ul><li><a href=\"\/wp-content\/uploads\/2023\/03\/E-1920-01-Politica-y-Objetivos-de-Calidad-PEC01.pdf\" target=\"_blank\" rel=\"noopener\">Policy and General Quality Objectives of the Center <\/a>(30-10-2019)<\/li><li><a href=\"\/wp-content\/uploads\/2023\/04\/Politica-calidad-1-1.pdf\" target=\"_blank\" rel=\"noopener\">Policy and General Quality Objectives of the Center<\/a> (03-02-2023)<\/li><li><a href=\"\/wp-content\/uploads\/2015\/11\/E-1516-02-F02-Objetivos-Especificos-de-Calidad-PEC01.pdf\" target=\"_blank\" rel=\"noopener\">Specific Quality Objectives of the Center 2015-2016<\/a>\u00a0(06-11-2015)<\/li><li><a href=\"\/wp-content\/uploads\/2016\/11\/Anexo-IV-Objetivos-Especi%CC%81ficos-Centro.pdf\" target=\"_blank\" rel=\"noopener\">Specific Quality Objectives of the Center 2016-2017<\/a> (03-11-2016)<\/li><li><a href=\"\/wp-content\/uploads\/2012\/02\/E-1718-02-Objetivos-Especificos-Centro-PEC02.pdf\" target=\"_blank\" rel=\"noopener\">Specific Quality Objectives of the Center 2017-2018<\/a> (17-11-2017)<\/li><li><a href=\"\/wp-content\/uploads\/2018\/07\/E-1819-02-Objetivos-Especificos-Centro-PEC01.pdf\" target=\"_blank\" rel=\"noopener\">Specific Quality Objectives of the Center 2018-2019<\/a>\u00a0(18-07-2018)<\/li><li><a href=\"\/wp-content\/uploads\/2019\/11\/E-1920-02-Objetivos-Especificos-Centro-PEC01.pdf\" target=\"_blank\" rel=\"noopener\">Specific Quality Objectives of the Center 2019-2020<\/a>\u00a0(30-10-2019)<\/li><li><a href=\"\/wp-content\/uploads\/2022\/04\/objetivos-especificos-centro-2020-2021.pdf\" target=\"_blank\" rel=\"noopener\">Specific Quality Objectives of the Center 2020-2021<\/a> (14-12-2020)<\/li><li><a href=\"\/wp-content\/uploads\/2022\/04\/objetivos-especificos-centro-2021-2022-aprobado-CGC-convertido.pdf\" target=\"_blank\" rel=\"noopener\">Specific Quality Objectives of the Center 2021-2022<\/a> (20-12-2021)<\/li><li><a href=\"\/wp-content\/uploads\/2023\/01\/objetivos-especificos-centro-FV-2022-2023-fdo.pdf\" target=\"_blank\" rel=\"noopener\">Specific Quality Objectives of the Center 2022-2023<\/a> (28-11-2022)<\/li><li><a href=\"https:\/\/www.fv.ulpgc.es\/wp-content\/uploads\/2023\/11\/ANEXO-I_objetivos-curso-2023_2024-aprobados-CGC-24_10_2023-1.pdf\">Objetivos Espec\u00edficos de Calidad del Centro 2023-2024<\/a> (14-11-2023)<\/li><li><a href=\"https:\/\/www.vet.ulpgc.es\/wp-content\/uploads\/2025\/11\/objetivos-curso-2024_2025-aprobados-CGC-Octubre_2024.pdf\">Objetivos Espec\u00edficos de Calidad del Centro 2024-2025<\/a> (10\/2024)<\/li><li><a href=\"https:\/\/www.vet.ulpgc.es\/wp-content\/uploads\/2025\/11\/objetivos-curso-2025_2026-CGC-Octubre_2025.pdf\">Objetivos Espec\u00edficos de Calidad del Centro 2025-2026 (10\/2025)<\/a><\/li><li>\u00a0<\/li><li><a href=\"\/wp-content\/uploads\/2018\/01\/E-1718-03-Revision-y-mejora-PEC01.pdf\" target=\"_blank\" rel=\"noopener\">Review and Improvement Report<\/a>\u00a0(27-11-2017)<\/li><li><a href=\"\/wp-content\/uploads\/2023\/03\/INFORME-DE-REVISION-DEL-PEC01_rev-fdo-decano.pdf\" target=\"_blank\" rel=\"noopener\">Review and Improvement Report<\/a> (03-02-2023)<\/li><\/ul><p><strong>PAC01 &#8211; Procedimiento de apoyo para la gesti\u00f3n de los documentos:<\/strong><\/p><ul><li>Manual of the Quality Management System of the Faculty (see above on this page)<\/li><li>The procedures in force (see above on this page)<\/li><li><a title=\"Quality Assurance Commission\" href=\"http:\/\/www.fv.ulpgc.es\/?page_id=880\" target=\"_blank\" rel=\"noopener\">Minutes of the Quality Commission<\/a>\u00a0(Restricted access)<\/li><li><a title=\"evidence list\" href=\"\/wp-content\/uploads\/2015\/11\/E-0910-02-Listado-Evidencias-del-SGC-F05-PAC01.pdf\" target=\"_blank\" rel=\"noopener\">List of evidence for the 2009-2010 and 2010-2011 academic years<\/a>\u00a0, <a href=\"\/wp-content\/uploads\/2015\/04\/E-1314-04-Listado-Evidencias-del-SGC-F03-PAC01.pdf\" target=\"_blank\" rel=\"noopener\">courses 2012-13 and 2013-14<\/a>, <a href=\"\/wp-content\/uploads\/2016\/07\/E-1415-00-Listado-de-Evidencias-F03-PAC01.pdf\" target=\"_blank\" rel=\"noopener\">academic year 2014-2015<\/a>, <a href=\"\/wp-content\/uploads\/2016\/11\/E-1516-00-Listado-de-Evidencias-y-otros-documentos-PAC01.pdf\">Course 2015-2016<\/a>, <a href=\"\/wp-content\/uploads\/2018\/04\/E-1617-00-Listado-de-Evidencias-y-otros-documentos-PAC01.pdf\" target=\"_blank\" rel=\"noopener\">Course 2016-2017<\/a>, <a href=\"\/wp-content\/uploads\/2019\/11\/E-1718-00-Listado-de-Evidencias-y-otros-documentos-PAC01.pdf\">Course 2017-2018<\/a>, <a href=\"https:\/\/alumnosulpgc-my.sharepoint.com\/:w:\/g\/personal\/dec_fv_ulpgc_es\/EcHuxvkcFb1Cih5pj3y_UmABGkdRb3YcFIMV9pBXHYwcOA?e=EGd7Fg\" target=\"_blank\" rel=\"noopener\">Course 2018-2019<\/a>, <a href=\"\/wp-content\/uploads\/2022\/04\/E-1920-00-Listado-de-Evidencias-y-otros-documentos-PAC01-rev-fdo.pdf\" target=\"_blank\" rel=\"noopener\">Course 2019-2020<\/a>, <a href=\"\/wp-content\/uploads\/2022\/04\/E-2021-00-Listado-de-Evidencias-y-otros-documentos-PAC01-Fdo-2-1.pdf\" target=\"_blank\" rel=\"noopener\">Course 2020-2021<\/a>, <a href=\"\/wp-content\/uploads\/2023\/05\/E-2022-00-Listado-de-Evidencias-y-otros-documentos-PAC01.pdf\" target=\"_blank\" rel=\"noopener\">Course 2021-2022<\/a><\/li><li><a href=\"\/wp-content\/uploads\/2018\/01\/E-1718-01-Revision-y-Mejora-PAC01.pdf\" target=\"_blank\" rel=\"noopener\">Review and Improvement Report <\/a>(27-11-2017)<\/li><li><a href=\"\/wp-content\/uploads\/2023\/05\/Informe-revision-PAC01_M13_Gestion-Documentos-del-SGC-firmado-VC-1.pdf\" target=\"_blank\" rel=\"noopener\">Review and Improvement Report<\/a> (17-02-2023)<\/li><\/ul><p><strong>PAC02 &#8211; Procedimiento de apoyo para la gesti\u00f3n de los recursos materiales:<\/strong><\/p><ul><li><a href=\"\/wp-content\/uploads\/2018\/01\/E-1718-01-Revision-y-mejora-PAC02.pdf\" target=\"_blank\" rel=\"noopener\">Review and Improvement Report<\/a>\u00a0(27-11-2017).<\/li><li><a href=\"\/wp-content\/uploads\/2023\/03\/informe-revision-PAC02_M11_Gestion-de-los-Recursos-Materiales-firmado-decano.pdf\" target=\"_blank\" rel=\"noopener\">Review and Improvement Report<\/a> (17-02-2023)<\/li><\/ul><p><strong>PAC03 &#8211; Procedimiento de apoyo para la gesti\u00f3n de los servicios:<\/strong><\/p><ul><li><a href=\"\/wp-content\/uploads\/2020\/03\/cs_ed_veterinaria_Revision-Junio-2019.pdf\" target=\"_blank\" rel=\"noopener\">Administration Services Charter\u00a0<\/a><ul><li><a title=\"Building Administration Page\" href=\"http:\/\/www.ulpgc.es\/index.php?pagina=adm_ev&amp;ver=inicio\" target=\"_blank\" rel=\"noopener\">Dissemination of the Building Administration service letter<\/a>\u00a0(link to Web Administration).<\/li><\/ul><\/li><li><a href=\"\/wp-content\/uploads\/2018\/01\/E-1718-01-Revision-y-mejora-PAC03.pdf\" target=\"_blank\" rel=\"noopener\">Review and Improvement Report<\/a>\u00a0(27-11-2017)<\/li><li><a href=\"\/wp-content\/uploads\/2023\/03\/informe-revision-PAC03_M11_Gestion-de-los-Servicios-20022023-firmado-administradora.pdf\" target=\"_blank\" rel=\"noopener\">Review and Improvement Report<\/a> (17-02-2023)<\/li><\/ul><p><strong>PAC04 &#8211; Procedimiento de apoyo a la gesti\u00f3n de la extinci\u00f3n de las ense\u00f1anzas:<\/strong><\/p><ul><li><a href=\"\/wp-content\/uploads\/2018\/01\/E-1718-01-Revision-y-mejora-PAC04.pdf\" target=\"_blank\" rel=\"noopener\">Review and Improvement Report <\/a>(27-11-2017)<\/li><li><a href=\"\/wp-content\/uploads\/2023\/04\/Informe-revision-PAC04_M10_Gestion-Extincion-de-las-Ensenanzas-20222023-firmado.pdf\" target=\"_blank\" rel=\"noopener\">Review and Improvement Report (03-03-2023)<\/a><\/li><\/ul><p><strong>PAC05 &#8211; Procedimiento de apoyo para la selecci\u00f3n y admisi\u00f3n de estudiantes:<\/strong><\/p><ul><li><a href=\"\/wp-content\/uploads\/2018\/01\/E-1718-F01-Revision-y-Mejora-PAC05.pdf\" target=\"_blank\" rel=\"noopener\">Review and Improvement Report<\/a> (27-11-2017)<\/li><li><a href=\"\/wp-content\/uploads\/2023\/03\/Informe-revision-PAC05-M09-Seleccion-y-admision-de-estudiantes-a-extinguir.pdf\" target=\"_blank\" rel=\"noopener\">Review and Improvement Report<\/a> (03-03-2023)<\/li><\/ul><p><strong>PAC06 &#8211; Procedimiento de apoyo para la gesti\u00f3n de las incidencias acad\u00e9micas:<\/strong><\/p><ul><li><a title=\"academic incidents\" href=\"http:\/\/www.fv.ulpgc.es\/?page_id=2060\" target=\"_blank\" rel=\"noopener\">Academic Incident Attention Channel<\/a>\u00a0(link to Faculty website)<\/li><li><a title=\"Complaints, suggestions and congratulations channel\" href=\"https:\/\/www.ulpgc.es\/sori\/sistema-quejas-sugerencias-y-felicitaciones\" target=\"_blank\" rel=\"noopener\">Complaints, Suggestions and Congratulations Service Channel<\/a>\u00a0(link to institutional website)<\/li><li><a href=\"\/wp-content\/uploads\/2018\/01\/E-1718-01-Revision-y-mejora-PAC06.pdf\" target=\"_blank\" rel=\"noopener\">Review and Improvement Report<\/a>\u00a0(29-11-2017)<\/li><li><a href=\"\/wp-content\/uploads\/2023\/03\/Informe-revision-PAC06_M11_-Gestion-de-Incidencias-Academicas-_-20222023-firmado-decano.pdf\" target=\"_blank\" rel=\"noopener\">Review and Improvement Report<\/a> (03-03-2023)<\/li><\/ul><p><strong>PAC07 &#8211; Procedimiento de apoyo para medici\u00f3n de la satisfacci\u00f3n, expectativas y necesidades:<\/strong><\/p><ul><li>Dissemination of the survey process (<a href=\"https:\/\/fv.ulpgc.es\/estudiante-participa-en-las-encuestas-ulpgc\/\">2014-2015<\/a>, <a href=\"https:\/\/fv.ulpgc.es\/participa-en-las-encuestas-de-satisfaccion\/\">2015-2016<\/a>, <a href=\"https:\/\/fv.ulpgc.es\/encuesta-sobre-los-masteres-de-la-ulpgc\/\">2015-2016 (master<\/a>) <a href=\"https:\/\/fv.ulpgc.es\/participa-en-las-encuestas-de-valoracion-docente-es-importante-para-todos\/\">2016-2017<\/a>, <a href=\"https:\/\/fv.ulpgc.es\/participa-en-encuesta-satisfaccion-al-finalizar-la-matricula\/\">2016-2017 (enrollment)<\/a>, <a href=\"https:\/\/fv.ulpgc.es\/estudiante-participa-en-la-encuesta-de-valoracion-docente\/\">2017-2018 (1S)<\/a>, <a href=\"https:\/\/fv.ulpgc.es\/encuestas-valoracion-docente-primer-semestre-2019-2020\/\">2019-2020 (1H)<\/a>., <a href=\"https:\/\/fv.ulpgc.es\/2-de-mayo-de-2022-encuestas-de-satisfaccion-de-los-estudiantes-con-la-actividad-docente-2o-semestre\/\">2021-2022 (2H) <\/a><a href=\"https:\/\/fv.ulpgc.es\/12-de-diciembre-de-2022-encuestas-de-satisfaccion-con-la-actividad-docente\/\">2022-2023 (1S),<\/a> <a href=\"https:\/\/fv.ulpgc.es\/24-abril-23-mayo-de-2023-encuestas-de-satisfaccion-con-la-actividad-docente-segundo-semestre-2022-2023\/\">2022-2023 (2S)<\/a>, <a href=\"https:\/\/www.fv.ulpgc.es\/15-septiembre-31-octubre-2023-encuestas-de-satisfaccion-dirigidas-al-estudiantado-sobre-la-calidad-del-centro\/\">2023-2024 (1S), <\/a><a href=\"https:\/\/www.vet.ulpgc.es\/en\/24-de-abril-de-2024-encuestas-de-satisfaccion-de-las-os-estudiantes-con-la-actividad-docente-segundo-semestre\/\">2023\/2024 (2S)<\/a><a href=\"https:\/\/www.vet.ulpgc.es\/en\/1-de-octubre-de-2024-encuestas-de-satisfaccion-sobre-la-calidad-de-la-facultad-de-veterinaria\/\">, 2024\/2025 (1S)<\/a><\/li><li>DOCENTIA &#8211; Sistema de Valoraci\u00f3n de la Calidad de la Docencia (<a href=\"http:\/\/www.calidad.ulpgc.es\/index.php\/m-docentia\">Link to Institutional Quality Web<\/a>)<\/li><li>SAMPLE QUESTIONNAIRES and period of application (<a href=\"http:\/\/www.calidad.ulpgc.es\/index.php\/m-mc\">Link to Institutional Quality Web<\/a>)<\/li><li><a href=\"\/wp-content\/uploads\/2018\/01\/E-1718-01-Revision-y-mejora-PAC07.pdf\" target=\"_blank\" rel=\"noopener\">Review and Improvement Report.<\/a>\u00a0(27-11-2017)<\/li><li><a href=\"\/wp-content\/uploads\/2023\/03\/informe-revision-PAC07_M11_Medicion-Satisfaccion-Expectativas-y-Necesidades-firmado-VC.pdf\" target=\"_blank\" rel=\"noopener\">Review and Improvement Report<\/a> (03-03-3023)<\/li><\/ul><p><strong>PAC08 &#8211; Procedimiento de apoyo para el an\u00e1lisis de resultados y rendici\u00f3n de cuentas:<\/strong><\/p><ul><li><strong>Annual results report of the center:<\/strong><ul><li>\u00a0<\/li><li>Curso 2023-2024 (<a href=\"https:\/\/www.vet.ulpgc.es\/wp-content\/uploads\/2025\/08\/InformeAnual_FV_2023-24.pdf\">discharge<\/a>). Minutes of the Faculty Board of <a href=\"https:\/\/www.vet.ulpgc.es\/wp-content\/uploads\/2025\/11\/Acta-Junta-Extraordinaria-Facultad-de-Veterinaria-02072025.pdf\">02 de julio de 2025<\/a><\/li><li>Curso 2022-2023 (<a href=\"https:\/\/www.vet.ulpgc.es\/wp-content\/uploads\/2025\/08\/Informe-anual-FV-Curso-2022-2023.pdf\">discharge<\/a>). Minutes of the Faculty Board of <a href=\"https:\/\/www.vet.ulpgc.es\/wp-content\/uploads\/2025\/08\/Acta-Junta-de-Facultad-ordinaria-de-26-de-julio-de-2024-1-1.pdf\">26 de julio de 2024<\/a><\/li><li>Curso 2021-2022 (<a href=\"https:\/\/www.fv.ulpgc.es\/wp-content\/uploads\/2023\/11\/InformeAnual_FV-2021-2022.pdf\">discharge<\/a>). Minutes of the Faculty Board of <a href=\"https:\/\/www.fv.ulpgc.es\/wp-content\/uploads\/2023\/11\/20231109_Acta_ACTA-JUNTA-FACULTAD-25-07-2023.pdf\">25 de Julio de 2023<\/a><\/li><li>Course 2020-2021 (<a href=\"\/wp-content\/uploads\/2022\/09\/Anexo-II-Informe-Anual-20202021-Centro.pdf\" target=\"_blank\" rel=\"noopener\">discharge<\/a>). Minutes of the Faculty Board of <a href=\"\/wp-content\/uploads\/2022\/09\/ACTA-JUNTA-FACULTAD-DEF-22-07-22.pdf\">July 22, 2022<\/a><\/li><li>Course 2019-2020 (<a href=\"\/wp-content\/uploads\/2022\/04\/INFORME-ANUAL-FV-2019-2020.pdf\" target=\"_blank\" rel=\"noopener\">discharge<\/a>)- Minutes of the Faculty of <a href=\"\/wp-content\/uploads\/2022\/04\/Acta-Junta-Facultad-09072021.pdf\" target=\"_blank\" rel=\"noopener\">July 09, 2021<\/a><\/li><li>Course 2018-2019 (<a href=\"https:\/\/fv.ulpgc.es\/wp-content\/uploads\/2022\/04\/P-1-Informe-Anual-Facultad-de-Veterinaria-Curso-academico-20182019.pdf\">discharge<\/a>)-Faculty Meeting Minutes <a href=\"\/wp-content\/uploads\/2022\/04\/Acta-Junta-Extraordinaria-de-Facultad-09092020.pdf\" target=\"_blank\" rel=\"noopener\">September 10, 2020<\/a><\/li><li>Course 2017-2018 (<a href=\"\/wp-content\/uploads\/2019\/11\/E-1819-01-Informe-Anual-Resultados-17-18-PAC08.pdf\" target=\"_blank\" rel=\"noopener\">discharge<\/a>) &#8211; Acta Junta de Facultad de <a href=\"\/wp-content\/uploads\/2019\/07\/ACTA_JUNTA_FACULTAD_11_julio_2019_1.pdf\" target=\"_blank\" rel=\"noopener\">July 11, 2019<\/a>.<\/li><li>Course 2016-2017 (<a href=\"\/wp-content\/uploads\/2018\/03\/E-1718-03-Informe-Anual-de-Resultados-del-Centro-curso-1617-PAC08.pdf\" target=\"_blank\" rel=\"noopener\">discharge<\/a>) &#8211; Acta Junta de Facultad de<a href=\"\/wp-content\/uploads\/2018\/04\/ACTA-JUNTA-FACULTAD-23-MARZO-2018.pdf\" target=\"_blank\" rel=\"noopener\"> March 23, 2018<\/a>.<\/li><li>Course 2015-2016 (<a href=\"\/wp-content\/uploads\/2012\/02\/E-1617-01-Informe-Anual-de-Resultados-del-Centro-curso-1516-PAC08.pdf\" target=\"_blank\" rel=\"noopener\">discharge<\/a>) &#8211; Acta Junta de Facultad de<a href=\"\/wp-content\/uploads\/2012\/02\/ACTA-J.FAC_.-25-07-17_copia.pdf\" target=\"_blank\" rel=\"noopener\"> 25 July 2017<\/a><\/li><li>Course 2014-2015 (<a href=\"\/wp-content\/uploads\/2016\/06\/E-1516-06-Informe-Anual-de-Resultados-del-Centro-curso-1415-PAC08.pdf\" target=\"_blank\" rel=\"noopener\">discharge<\/a>) &#8211; Acta Junta de Facultad de <a href=\"\/wp-content\/uploads\/2016\/11\/ACTA-JUNTA-FACULTAD-10-JUNIO-2016.pdf\" target=\"_blank\" rel=\"noopener\">June 10, 2016<\/a><\/li><li>Course 2013-2014 (<a href=\"\/wp-content\/uploads\/2015\/05\/E-1415-05-Informe-Anual-de-Resultados-del-Centro-1314.pdf\" target=\"_blank\" rel=\"noopener\">discharge<\/a>)\u00a0 &#8211; Acta Junta de Facultad <a href=\"\/wp-content\/uploads\/2015\/11\/ACTA-JUNTA-FACULTAD-9-4-15.pdf\" target=\"_blank\" rel=\"noopener\">9 April 2015<\/a><\/li><li>Courses 2011-2012 and 2012-2013 (<a href=\"\/wp-content\/uploads\/2012\/02\/E-1314-03-Informe-Anual-de-Resultados-del-Centro-11-12-y-12-13.pdf\" target=\"_blank\" rel=\"noopener\">discharge<\/a>) &#8211; Acta Junta de Facultad 29 enero 2014<\/li><li>Course 2010-2011\u00a0<a title=\"annual report results center academic year 2011-2012\" href=\"\/wp-content\/uploads\/2012\/02\/E1112-01-Informe-Anual-de-Resultados-del-Centro.pdf\" target=\"_blank\" rel=\"noopener\">(discharge)<\/a>\u00a0&#8211; Acta Junta de Facultad <a href=\"\/wp-content\/uploads\/2012\/02\/Acta-Junta-Facultad-Ordinaria-de-28-septiembre-2012.doc\" target=\"_blank\" rel=\"noopener\">28 September 2012<\/a><\/li><li><a href=\"\/wp-content\/uploads\/2018\/01\/E-1718-01-Revision-y-mejora-PAC08.pdf\" target=\"_blank\" rel=\"noopener\">Review and Improvement Report\u00a0<\/a>(27-11-2017)<\/li><li>Review and improvement report (<a href=\"\/wp-content\/uploads\/2023\/04\/Informe-revision-PAC08_M10_Analisis-de-Resultados-y-Rendicion-de-Cuentas-firmado-decano-1.pdf\" target=\"_blank\" rel=\"noopener\">03-03-2023)<\/a><\/li><\/ul><\/li><li><strong>Title monitoring report:<\/strong><ul><li>Course 2010-2011:<ul><li><a title=\"1011 degree follow-up report\" href=\"\/wp-content\/uploads\/2012\/02\/Informe_seguimiento-_Grado_Veterinaria_1011_RGEI03.pdf\" target=\"_blank\" rel=\"noopener\">Degree in Veterinary Medicine<\/a><\/li><\/ul><\/li><li>Courses 2011-2012 and 2012-2013<ul><li><a href=\"http:\/\/www2.ulpgc.es\/index.php?pagina=plan_estudio&amp;ver=pantalla&amp;numPantalla=24&amp;codTitulacion=4025&amp;codPlan=40&amp;tipotitulacion=G&amp;descargaPDF=Mjo0MDI1OjIwMTIxMw==\">Degree in Veterinary Medicine<\/a><\/li><\/ul><\/li><li>Courses 2013-2014, 2014-2015, 2015-2016:<ul><li>Without self-reports of the titles motivated by the accreditation in course 2014-2015 of the master&#039;s degree and 2016-2017 in the Degree.<\/li><\/ul><\/li><\/ul><\/li><li><strong>External reports of titles:<\/strong><ul><li><a title=\"last modified\" href=\"\/wp-content\/uploads\/2012\/02\/Modifica-noviembre-2011-1.pdf\" target=\"_blank\" rel=\"noopener\">Verification Report<\/a>\u00a0<strong>initial<\/strong> (last change of title)<\/li><li>Definitive report of the Canarian Agency for University Quality and Educational Evaluation (ACCUEE) in relation to the <strong>follow-up<\/strong> compliance with the project contained in the study plan, verified by the Council of Universities, of the Official Degrees of the Autonomous Community of the Canary Islands: Degree in Veterinary Medicine (<a href=\"\/wp-content\/uploads\/2012\/02\/Grado-en-Veterinaria.pdf\" target=\"_blank\" rel=\"noopener\">discharge<\/a>)<\/li><li><strong>final report<\/strong>\u00a0\u00ab<strong>FAVORABLE<\/strong>\u00bb of the Canarian Agency for University Quality and Educational Evaluation (ACCUEE) in relation to the\u00a0<strong>accreditation renewal\u00a0<\/strong>the study plan Degree in Veterinary Medicine (26\/04\/2017) (<a href=\"\/wp-content\/uploads\/2022\/11\/Informe-final-de-acreditacion-grado.pdf\" target=\"_blank\" rel=\"noopener\">discharge<\/a>)<\/li><li><strong>RESOLUTION<\/strong> (05\/10\/2017) the Council of Universities for Renewal of the Accreditation of the Official Degree in Veterinary Medicine by the University of Las Palmas De Gran Canaria (<a href=\"\/wp-content\/uploads\/2022\/11\/certificacion-renovacion-acreditacion-grado.pdf\" target=\"_blank\" rel=\"noopener\">discharge<\/a>)<\/li><li>In 2018, a favorable report was received for a minor change in the Official Title, by the National Agency for <a href=\"\/wp-content\/uploads\/2022\/10\/InformeANECAVeterinariaporlaUniversidaddeLasPalmasdeGranCanaria-modif-titulo-2018.pdf\" target=\"_blank\" rel=\"noopener\">Quality Assessment and Accreditation (ANECA)<\/a><\/li><li>Definitive report of the Canarian Agency for University Quality and Educational Evaluation (ACCUEE) in relation to <strong>with the <a href=\"\/wp-content\/uploads\/2023\/04\/20230306_ACCUEE_SEG2022_IF_GRA_Veterinaria-ULPGC_vDEF.pdf\" target=\"_blank\" rel=\"noopener\">follow-up of the Graduate Degree in Veterinary Medicine<\/a><\/strong> (08\/03\/2023).<\/li><li>El 15 de febrero de 2024 se Resoluci\u00f3n de la Secretar\u00eda General de Universidades ( ANECA) en la que se informa FAVORABLEMENTE de la <a href=\"https:\/\/www.vet.ulpgc.es\/wp-content\/uploads\/2025\/08\/Acreditacion-institucional-FV-2024.pdf\">Acreditaci\u00f3n Institucional<\/a> de la Facultad de Veterinaria<\/li><\/ul><\/li><\/ul><p><strong>PAC09 &#8211; Procedimiento de apoyo para la gesti\u00f3n de no conformidades:<\/strong><\/p><ul><li><a href=\"\/wp-content\/uploads\/2018\/01\/E-1718-01-Revision-y-Mejora-PAC09.pdf\" target=\"_blank\" rel=\"noopener\">Review and Improvement Report\u00a0<\/a>(27-11-2017)<\/li><li><a href=\"\/wp-content\/uploads\/2023\/03\/Informe-PAC09_M04_-Gestion-de-No-Conformidades-firmado-VC-1.pdf\" target=\"_blank\" rel=\"noopener\">Review and Improvement Report<\/a> (03-03-2023)<\/li><\/ul><p><strong>PCC01 &#8211; Procedimiento clave para la Definici\u00f3n del perfil de ingreso y captaci\u00f3n de estudiantes:<\/strong><\/p><ul><li>Profile of Entry and Exit of the Degree (<a href=\"\/wp-content\/uploads\/2018\/07\/E-1819-01-Perfil-ingreso-y-egreso-grado.pdf\" target=\"_blank\" rel=\"noopener\">2018-2019<\/a>,\u00a0<a href=\"\/wp-content\/uploads\/2018\/04\/E-1718-01-Perfil-ingreso-y-egreso-grado.pdf\" target=\"_blank\" rel=\"noopener\">2017-2018<\/a>,\u00a0<a href=\"\/wp-content\/uploads\/2016\/11\/ANEXO-V-Perfil-ingreso-y-egreso-grado.pdf\" target=\"_blank\" rel=\"noopener\">2016-2017<\/a>) (<a href=\"\/wp-content\/uploads\/2015\/11\/Perfil-ingreso-y-egreso-grado1.pdf\" target=\"_blank\" rel=\"noopener\">2015-2016<\/a>) (<a href=\"\/wp-content\/uploads\/2014\/12\/4.2-grado-perfil-ingreso-egreso.pdf\" target=\"_blank\" rel=\"noopener\">2014-2015 and earlier<\/a>)<\/li><li>Student Recruitment Program- First Program of the Tutorial Action Plan and Student Orientation\u00a0<a href=\"https:\/\/fv.ulpgc.es\/wp-content\/uploads\/2015\/04\/E1415-04-Plan-de-Captacion.pdf\">(<\/a><a href=\"https:\/\/fv.ulpgc.es\/la-facultad\/junta-de-facultad-comisiones-y-normativa-propia\/junta-de-facultad\/comision-de-accion-tutorial-cat\/\">PATOE in force<\/a><a href=\"https:\/\/fv.ulpgc.es\/wp-content\/uploads\/2015\/04\/E1415-04-Plan-de-Captacion.pdf\">)<\/a><\/li><li><a href=\"\/wp-content\/uploads\/2018\/01\/E-1718-03-F01-Revision-y-mejora-PCC01.pdf\" target=\"_blank\" rel=\"noopener\">Review and Improvement Report\u00a0<\/a>(27-11-2017)<\/li><li><a href=\"\/wp-content\/uploads\/2023\/03\/informe-de-revision-del-PCC01-procedimiento-CLAVE-Firmado-Decano.pdf\" target=\"_blank\" rel=\"noopener\">Review and Improvement Report<\/a> (10-02-2023)<\/li><\/ul><p><strong>PCC02 &#8211;\u00a0Procedimiento clave para la planificaci\u00f3n de las ense\u00f1anzas:<\/strong><\/p><ul><li><strong>Definitive Teaching Organization Plan<\/strong><ul><li><strong>Veterinary degree:<\/strong> courses <a href=\"\/wp-content\/uploads\/2012\/02\/1011-PLAN-DOCENTE-GRADO.pdf\" target=\"_blank\" rel=\"noopener\">2010-11<\/a>, <a href=\"\/wp-content\/uploads\/2012\/02\/1112plan-docente-grado1.pdf\" target=\"_blank\" rel=\"noopener\">2011-12<\/a>,\u00a0<a title=\"degree\" href=\"\/wp-content\/uploads\/2012\/02\/1213plandocentegrado.pdf\" target=\"_blank\" rel=\"noopener\">2012-2013<\/a>\u00a0, <a href=\"\/wp-content\/uploads\/2012\/02\/LISTADO-DEL-PLAN-DOCENTE-grado3.pdf\" target=\"_blank\" rel=\"noopener\">2013-2014<\/a>,\u00a0<a href=\"\/wp-content\/uploads\/2014\/07\/1415-LISTADO-DEL-PLAN-DOCENTE-grado.pdf\" target=\"_blank\" rel=\"noopener\">2014-2015<\/a>, <a href=\"\/wp-content\/uploads\/2015\/05\/LISTADO-DEL-PLAN-DOCENTE-GRADO-15-16.pdf\" target=\"_blank\" rel=\"noopener\">2015-2016<\/a>, <a href=\"\/wp-content\/uploads\/2016\/06\/Plan-Docente-Grado-Veterinaria-2016-2017-1.pdf\" target=\"_blank\" rel=\"noopener\">2016-2017<\/a>, <a href=\"\/wp-content\/uploads\/2017\/06\/Plan-Docente-Grado-Veterinaria-2017-2018.pdf\" target=\"_blank\" rel=\"noopener\">2017-2018,<\/a><a href=\"\/wp-content\/uploads\/2018\/07\/1819-plandocente.pdf\" target=\"_blank\" rel=\"noopener\"> 2018-2019,<\/a> <a href=\"\/wp-content\/uploads\/2022\/04\/Plan-docente-Grado-Veterinaria-2019-2020.pdf\" target=\"_blank\" rel=\"noopener\">2019-2020<\/a>, <a href=\"\/wp-content\/uploads\/2022\/04\/Plan-Docente-Grado-Veterinaria-2020-2021.pdf\" target=\"_blank\" rel=\"noopener\">2020-2021<\/a>, <a href=\"\/wp-content\/uploads\/2022\/04\/LISTADO-DEL-PLAN-DOCENTE-2021-2022-1.pdf\" target=\"_blank\" rel=\"noopener\">2021-2022 <\/a>,<a href=\"http:\/\/s\/wp-content\/uploads\/2022\/09\/Listado-del-Plan-Docente-2022-2023.pdf\" target=\"_blank\" rel=\"noopener\">2022-2023<\/a> , <a href=\"https:\/\/www.vet.ulpgc.es\/wp-content\/uploads\/2025\/08\/Listado-del-plan-docente-2023-2024.pdf\">2023-2024<\/a> <a href=\"http:\/\/s\/wp-content\/uploads\/2022\/09\/Listado-del-Plan-Docente-2022-2023.pdf\" target=\"_blank\" rel=\"noopener\">\u00a0<\/a><\/li><li><strong>Teaching Projects:<\/strong><ul><li>Degree in Veterinary Medicine (<a href=\"\/en\/formacion\/grado\/grado-en-veterinaria\/plan-de-estudios-grado-en-veterinaria\/\">link to curriculum, basic guides and teaching projects<\/a>)<\/li><\/ul><\/li><\/ul><\/li><li><a href=\"\/wp-content\/uploads\/2018\/01\/E-1718-F01-Revision-y-Mejora-PCC02.pdf\" target=\"_blank\" rel=\"noopener\">Review and Improvement Report<\/a>\u00a0(29-11-2017)<\/li><li><a href=\"\/wp-content\/uploads\/2023\/03\/informe-de-revision-del-PCC02-procedimiento-CLAVE-PARA-LA-PLANIFICACION-DE-LAS-ENSENANZAS-firmado.pdf\" target=\"_blank\" rel=\"noopener\">Review and Improvement Report<\/a> (10-02-2023)<\/li><\/ul><p><strong>PCC03 &#8211; Procedimiento clave para la orientaci\u00f3n al estudiante:<\/strong><\/p><ul><li><a title=\"patoe\" href=\"\/wp-content\/uploads\/2019\/11\/E-1920-01-PATOE-PCC03.pdf\" target=\"_blank\" rel=\"noopener\">Tutorial Action Plan and Student Orientation (PATOE)<\/a>\u00a0(30-10-2019)<\/li><li><a href=\"\/wp-content\/uploads\/2018\/01\/E-1718-F01-Revision-y-Mejora-PCC03.pdf\" target=\"_blank\" rel=\"noopener\">Review and Improvement Report<\/a>\u00a0(29-11-2017)<\/li><li><a href=\"\/wp-content\/uploads\/2023\/03\/Informe-de-revision-PCC03_M11_Orientacion-al-Estudiante-firmado.pdf\" target=\"_blank\" rel=\"noopener\">Review and Improvement Report<\/a> (10-02-2023)<\/li><\/ul><p><strong>PCC04 &#8211; Procedimiento clave para la gesti\u00f3n de la movilidad de los estudiantes:<\/strong><\/p><ul><li>You will find all the Mobility information on the page of <a href=\"http:\/\/www.movilidad.ulpgc.es\/\" target=\"_blank\" rel=\"noopener\">Mobility of the ULPGC.<\/a><\/li><li><a href=\"\/wp-content\/uploads\/2018\/01\/E-1718-01-F01-Revision-y-mejora-PCC04.pdf\" target=\"_blank\" rel=\"noopener\">Review and Improvement Report\u00a0<\/a>(29-11-2017)<\/li><li><a href=\"\/wp-content\/uploads\/2023\/03\/Informe-de-REvision-PCC04_M11_Movilidad-de-los-Estudiantes-fdo-VE.pdf\" target=\"_blank\" rel=\"noopener\">Review and Improvement Report<\/a> (10-02-2023)<\/li><\/ul><p><strong>PCC05 &#8211; Procedimiento clave para la gesti\u00f3n del desarrollo de las ense\u00f1anzas y evaluaci\u00f3n de estudiantes:<\/strong><\/p><ul><li>Academic records (students evaluated via MiULPGC).<\/li><li><a href=\"https:\/\/fv.ulpgc.es\/wp-content\/uploads\/2018\/01\/E-1718-01-F01-Revision-y-mejora-PCC05.pdf\">Review and Improvement Report\u00a0<\/a>(29-11-2017)<\/li><li><a href=\"https:\/\/fv.ulpgc.es\/wp-content\/uploads\/2023\/03\/informe-revision-PCC05_M11_Desarrollo-de-las-Ensenanzas-y-Evaluacion-de-Estudiantes-fdo-Soraya.pdf\">Review and Improvement Report<\/a> (10-02-2023)<\/li><\/ul><p><strong>PCC06 &#8211; Procedimiento clave para la gesti\u00f3n de los trabajos de fin de t\u00edtulos:<\/strong><\/p><ul><li>Academic records (students evaluated via MiULPGC).<\/li><li>Deadlines for requesting final degree projects.<ul><li>Degree in Veterinary Medicine (<a href=\"https:\/\/fv.ulpgc.es\/formacion\/grado\/grado-en-veterinaria\/trabajo-de-fin-de-grado\/\">link to the TFG website<\/a>)<\/li><\/ul><\/li><li><a href=\"https:\/\/fv.ulpgc.es\/wp-content\/uploads\/2018\/01\/E-1718-01-F01-Revision-y-Mejora-PCC06.pdf\">Review and Improvement Report<\/a>\u00a0(27-11-2017)<\/li><li><a href=\"https:\/\/fv.ulpgc.es\/wp-content\/uploads\/2023\/03\/Informe-de-Revision-PCC06_M05_Gestion-de-Trabajos-Fin-de-Titulo-fdo-Soraya.pdf\">Review and Improvement Report<\/a> (10-02-2023)<\/li><\/ul><p><strong>PCC07 &#8211; Procedimiento clave para la gesti\u00f3n de las pr\u00e1cticas externas:<\/strong><\/p><ul><li>Material to inform students about internships in companies:<ul><li><a href=\"https:\/\/fv.ulpgc.es\/formacion\/grado\/grado-en-veterinaria\/posgrado\/practicas-externas\/\">Degree in Veterinary Medicine<\/a><\/li><\/ul><\/li><li><a href=\"https:\/\/fv.ulpgc.es\/wp-content\/uploads\/2018\/01\/E-1718-F01-Revision-y-Mejora-PCC07.pdf\">Review and Improvement Report\u00a0<\/a>(29-11-2017)<\/li><li><a href=\"https:\/\/fv.ulpgc.es\/wp-content\/uploads\/2023\/03\/Informe-de-revision-PCC07_M11_-Gestion-de-Practicas-Externas-firmado-VE.pdf\">Review and Improvement Report<\/a> (10-02-2023)<\/li><\/ul><p><strong>PCC08 &#8211; Procedimiento clave de informaci\u00f3n p\u00fablica:<\/strong><\/p><ul><li>Public Information Dissemination Planning (<a href=\"https:\/\/fv.ulpgc.es\/wp-content\/uploads\/2023\/04\/Anexo-IV-Planificacion-Anual-de-la-Difusion-de-Informacion-Publica-2022_2023_PCC08.pdf\">19-04-2023<\/a>)<\/li><li><a href=\"https:\/\/fv.ulpgc.es\/wp-content\/uploads\/2018\/01\/E-1718-02-F01-Revision-y-mejora-PCC08.pdf\">Review and Improvement Report<\/a>\u00a0(29-11-2017)<\/li><li><a href=\"https:\/\/fv.ulpgc.es\/wp-content\/uploads\/2023\/03\/Informe-de-revision-PCC08_-M11_Informacion-Publica-firmado-VC.pdf\">Review and Improvement Report<\/a> (10-02-2023)<\/li><\/ul><\/div>\n\t\t\t\t\t<\/div><\/div>\t\t\t\t<\/div>\n\t\t\t\t<\/div>\n\t\t\t\t<div class=\"elementor-element elementor-element-4112329 elementor-widget elementor-widget-spacer\" data-id=\"4112329\" data-element_type=\"widget\" data-e-type=\"widget\" data-widget_type=\"spacer.default\">\n\t\t\t\t<div class=\"elementor-widget-container\">\n\t\t\t\t\t\t\t<div class=\"elementor-spacer\">\n\t\t\t<div class=\"elementor-spacer-inner\"><\/div>\n\t\t<\/div>\n\t\t\t\t\t\t<\/div>\n\t\t\t\t<\/div>\n\t\t\t\t\t<\/div>\n\t\t<\/div>\n\t\t\t\t\t<\/div>\n\t\t<\/section>\n\t\t\t\t<\/div>","protected":false},"excerpt":{"rendered":"<p>El Sistema de Gesti\u00f3n de la Calidad de la Facultad se desarroll\u00f3 gracias al apoyo del\u00a0Gabinete de Evaluaci\u00f3n\u00a0Institucional del Vicerrectorado de Calidad de la ULPGC\u00a0que nos ayud\u00f3 a participar en el primer proyecto\u00a0piloto AUDIT junto con la Facultad de Traducci\u00f3n e Interpretaci\u00f3n. El primer documento, modelo marco de la ULPGC, fue elaborado por el Gabinete&hellip;&nbsp;<\/p>\n<div class=\"read-more-wrapper\"><a href=\"https:\/\/www.vet.ulpgc.es\/en\/la-facultad\/sistema-de-garantia-de-calidad\/\" class=\"button button-primary\" rel=\"bookmark\">Read More &raquo;<span class=\"screen-reader-text\">Quality management system<\/span><\/a><\/div>","protected":false},"author":1,"featured_media":0,"parent":30,"menu_order":1,"comment_status":"closed","ping_status":"closed","template":"","meta":{"neve_meta_sidebar":"","neve_meta_container":"","neve_meta_enable_content_width":"off","neve_meta_content_width":100,"neve_meta_title_alignment":"","neve_meta_author_avatar":"","neve_post_elements_order":"","neve_meta_disable_header":"","neve_meta_disable_footer":"","neve_meta_disable_title":"","neve_meta_reading_time":"","footnotes":""},"class_list":["post-47","page","type-page","status-publish","hentry"],"yoast_head":"<!-- This site is optimized with the Yoast SEO plugin v27.2 - https:\/\/yoast.com\/product\/yoast-seo-wordpress\/ -->\n<title>Sistema de Gesti\u00f3n de la Calidad - Facultad de Veterinaria - Universidad de Las Palmas de Gran Canaria<\/title>\n<meta name=\"description\" content=\"Sistema de Gesti\u00f3n de la Calidad de la Facultad de Veterinaria de la universidad de Las Palmas de Gran Canaria.\" \/>\n<meta name=\"robots\" content=\"index, follow, max-snippet:-1, max-image-preview:large, max-video-preview:-1\" \/>\n<link rel=\"canonical\" href=\"https:\/\/www.vet.ulpgc.es\/en\/la-facultad\/sistema-de-garantia-de-calidad\/\" \/>\n<meta property=\"og:locale\" content=\"en_GB\" \/>\n<meta property=\"og:type\" content=\"article\" \/>\n<meta property=\"og:title\" content=\"Sistema de Gesti\u00f3n de la Calidad - Facultad de Veterinaria - Universidad de Las Palmas de Gran Canaria\" \/>\n<meta property=\"og:description\" content=\"Sistema de Gesti\u00f3n de la Calidad de la Facultad de Veterinaria de la universidad de Las Palmas de Gran Canaria.\" \/>\n<meta property=\"og:url\" content=\"https:\/\/www.vet.ulpgc.es\/en\/la-facultad\/sistema-de-garantia-de-calidad\/\" \/>\n<meta property=\"og:site_name\" content=\"Facultad de Veterinaria - Universidad de Las Palmas de Gran Canaria\" \/>\n<meta property=\"article:modified_time\" content=\"2025-12-01T23:49:48+00:00\" \/>\n<meta property=\"og:image\" content=\"https:\/\/www.vet.ulpgc.es\/wp-content\/uploads\/elementor\/thumbs\/Certificado-AUDIT_ULPGC_Fac.-Veterinaria-q7rg3wlikvyh7qb2ghvy5w6w6o2tim84d35j1i3jaa.png\" \/>\n<meta name=\"twitter:card\" content=\"summary_large_image\" \/>\n<meta name=\"twitter:label1\" content=\"Estimated reading time\" \/>\n\t<meta name=\"twitter:data1\" content=\"11 minutes\" \/>\n<script type=\"application\/ld+json\" class=\"yoast-schema-graph\">{\"@context\":\"https:\/\/schema.org\",\"@graph\":[{\"@type\":\"ScholarlyArticle\",\"@id\":\"https:\/\/www.vet.ulpgc.es\/la-facultad\/sistema-de-garantia-de-calidad\/#article\",\"isPartOf\":{\"@id\":\"https:\/\/www.vet.ulpgc.es\/la-facultad\/sistema-de-garantia-de-calidad\/\"},\"author\":{\"name\":\"Facultad Veterinaria\",\"@id\":\"https:\/\/www.vet.ulpgc.es\/#\/schema\/person\/d025fd34e26061d01a94416c6506a2d6\"},\"headline\":\"Sistema de Gesti\u00f3n de la Calidad\",\"datePublished\":\"2012-02-01T17:26:28+00:00\",\"dateModified\":\"2025-12-01T23:49:48+00:00\",\"mainEntityOfPage\":{\"@id\":\"https:\/\/www.vet.ulpgc.es\/la-facultad\/sistema-de-garantia-de-calidad\/\"},\"wordCount\":2614,\"publisher\":{\"@id\":\"https:\/\/www.vet.ulpgc.es\/#organization\"},\"image\":{\"@id\":\"https:\/\/www.vet.ulpgc.es\/la-facultad\/sistema-de-garantia-de-calidad\/#primaryimage\"},\"thumbnailUrl\":\"https:\/\/www.vet.ulpgc.es\/wp-content\/uploads\/elementor\/thumbs\/Certificado-AUDIT_ULPGC_Fac.-Veterinaria-q7rg3wlikvyh7qb2ghvy5w6w6o2tim84d35j1i3jaa.png\",\"inLanguage\":\"en-GB\"},{\"@type\":\"WebPage\",\"@id\":\"https:\/\/www.vet.ulpgc.es\/la-facultad\/sistema-de-garantia-de-calidad\/\",\"url\":\"https:\/\/www.vet.ulpgc.es\/la-facultad\/sistema-de-garantia-de-calidad\/\",\"name\":\"Sistema de Gesti\u00f3n de la Calidad - Facultad de Veterinaria - Universidad de Las Palmas de Gran Canaria\",\"isPartOf\":{\"@id\":\"https:\/\/www.vet.ulpgc.es\/#website\"},\"primaryImageOfPage\":{\"@id\":\"https:\/\/www.vet.ulpgc.es\/la-facultad\/sistema-de-garantia-de-calidad\/#primaryimage\"},\"image\":{\"@id\":\"https:\/\/www.vet.ulpgc.es\/la-facultad\/sistema-de-garantia-de-calidad\/#primaryimage\"},\"thumbnailUrl\":\"https:\/\/www.vet.ulpgc.es\/wp-content\/uploads\/elementor\/thumbs\/Certificado-AUDIT_ULPGC_Fac.-Veterinaria-q7rg3wlikvyh7qb2ghvy5w6w6o2tim84d35j1i3jaa.png\",\"datePublished\":\"2012-02-01T17:26:28+00:00\",\"dateModified\":\"2025-12-01T23:49:48+00:00\",\"description\":\"Sistema de Gesti\u00f3n de la Calidad de la Facultad de Veterinaria de la universidad de Las Palmas de Gran Canaria.\",\"breadcrumb\":{\"@id\":\"https:\/\/www.vet.ulpgc.es\/la-facultad\/sistema-de-garantia-de-calidad\/#breadcrumb\"},\"inLanguage\":\"en-GB\",\"potentialAction\":[{\"@type\":\"ReadAction\",\"target\":[\"https:\/\/www.vet.ulpgc.es\/la-facultad\/sistema-de-garantia-de-calidad\/\"]}]},{\"@type\":\"ImageObject\",\"inLanguage\":\"en-GB\",\"@id\":\"https:\/\/www.vet.ulpgc.es\/la-facultad\/sistema-de-garantia-de-calidad\/#primaryimage\",\"url\":\"https:\/\/www.vet.ulpgc.es\/wp-content\/uploads\/elementor\/thumbs\/Certificado-AUDIT_ULPGC_Fac.-Veterinaria-q7rg3wlikvyh7qb2ghvy5w6w6o2tim84d35j1i3jaa.png\",\"contentUrl\":\"https:\/\/www.vet.ulpgc.es\/wp-content\/uploads\/elementor\/thumbs\/Certificado-AUDIT_ULPGC_Fac.-Veterinaria-q7rg3wlikvyh7qb2ghvy5w6w6o2tim84d35j1i3jaa.png\"},{\"@type\":\"BreadcrumbList\",\"@id\":\"https:\/\/www.vet.ulpgc.es\/la-facultad\/sistema-de-garantia-de-calidad\/#breadcrumb\",\"itemListElement\":[{\"@type\":\"ListItem\",\"position\":1,\"name\":\"Inicio\",\"item\":\"https:\/\/www.vet.ulpgc.es\/\"},{\"@type\":\"ListItem\",\"position\":2,\"name\":\"La Facultad\",\"item\":\"https:\/\/www.vet.ulpgc.es\/la-facultad\/\"},{\"@type\":\"ListItem\",\"position\":3,\"name\":\"Sistema de Gesti\u00f3n de la Calidad\"}]},{\"@type\":\"WebSite\",\"@id\":\"https:\/\/www.vet.ulpgc.es\/#website\",\"url\":\"https:\/\/www.vet.ulpgc.es\/\",\"name\":\"Facultad de Veterinaria - Universidad de Las Palmas de Gran Canaria\",\"description\":\"ULPGC\",\"publisher\":{\"@id\":\"https:\/\/www.vet.ulpgc.es\/#organization\"},\"potentialAction\":[{\"@type\":\"SearchAction\",\"target\":{\"@type\":\"EntryPoint\",\"urlTemplate\":\"https:\/\/www.vet.ulpgc.es\/?s={search_term_string}\"},\"query-input\":{\"@type\":\"PropertyValueSpecification\",\"valueRequired\":true,\"valueName\":\"search_term_string\"}}],\"inLanguage\":\"en-GB\"},{\"@type\":\"Organization\",\"@id\":\"https:\/\/www.vet.ulpgc.es\/#organization\",\"name\":\"Facultad de Veterinaria ULPGC\",\"alternateName\":\"Facultad de Veterinaria de Las Palmas\",\"url\":\"https:\/\/www.vet.ulpgc.es\/\",\"logo\":{\"@type\":\"ImageObject\",\"inLanguage\":\"en-GB\",\"@id\":\"https:\/\/www.vet.ulpgc.es\/#\/schema\/logo\/image\/\",\"url\":\"\",\"contentUrl\":\"\",\"caption\":\"Facultad de Veterinaria ULPGC\"},\"image\":{\"@id\":\"https:\/\/www.vet.ulpgc.es\/#\/schema\/logo\/image\/\"}},{\"@type\":\"Person\",\"@id\":\"https:\/\/www.vet.ulpgc.es\/#\/schema\/person\/d025fd34e26061d01a94416c6506a2d6\",\"name\":\"Facultad Veterinaria\",\"image\":{\"@type\":\"ImageObject\",\"inLanguage\":\"en-GB\",\"@id\":\"https:\/\/secure.gravatar.com\/avatar\/fa74362430e1b1b376c0b027c2757acdf7cc58d6cc45bd094b2c6bd1211821fa?s=96&d=mm&r=g\",\"url\":\"https:\/\/secure.gravatar.com\/avatar\/fa74362430e1b1b376c0b027c2757acdf7cc58d6cc45bd094b2c6bd1211821fa?s=96&d=mm&r=g\",\"contentUrl\":\"https:\/\/secure.gravatar.com\/avatar\/fa74362430e1b1b376c0b027c2757acdf7cc58d6cc45bd094b2c6bd1211821fa?s=96&d=mm&r=g\",\"caption\":\"Facultad Veterinaria\"},\"sameAs\":[\"https:\/\/fv.ulpgc.es\"],\"url\":\"https:\/\/www.vet.ulpgc.es\/en\/author\/facultad-veterinaria\/\"}]}<\/script>\n<!-- \/ Yoast SEO plugin. -->","yoast_head_json":{"title":"Sistema de Gesti\u00f3n de la Calidad - Facultad de Veterinaria - Universidad de Las Palmas de Gran Canaria","description":"Sistema de Gesti\u00f3n de la Calidad de la Facultad de Veterinaria de la universidad de Las Palmas de Gran Canaria.","robots":{"index":"index","follow":"follow","max-snippet":"max-snippet:-1","max-image-preview":"max-image-preview:large","max-video-preview":"max-video-preview:-1"},"canonical":"https:\/\/www.vet.ulpgc.es\/en\/la-facultad\/sistema-de-garantia-de-calidad\/","og_locale":"en_GB","og_type":"article","og_title":"Sistema de Gesti\u00f3n de la Calidad - Facultad de Veterinaria - Universidad de Las Palmas de Gran Canaria","og_description":"Sistema de Gesti\u00f3n de la Calidad de la Facultad de Veterinaria de la universidad de Las Palmas de Gran Canaria.","og_url":"https:\/\/www.vet.ulpgc.es\/en\/la-facultad\/sistema-de-garantia-de-calidad\/","og_site_name":"Facultad de Veterinaria - Universidad de Las Palmas de Gran Canaria","article_modified_time":"2025-12-01T23:49:48+00:00","og_image":[{"url":"https:\/\/www.vet.ulpgc.es\/wp-content\/uploads\/elementor\/thumbs\/Certificado-AUDIT_ULPGC_Fac.-Veterinaria-q7rg3wlikvyh7qb2ghvy5w6w6o2tim84d35j1i3jaa.png","type":"","width":"","height":""}],"twitter_card":"summary_large_image","twitter_misc":{"Estimated reading time":"11 minutes"},"schema":{"@context":"https:\/\/schema.org","@graph":[{"@type":"ScholarlyArticle","@id":"https:\/\/www.vet.ulpgc.es\/la-facultad\/sistema-de-garantia-de-calidad\/#article","isPartOf":{"@id":"https:\/\/www.vet.ulpgc.es\/la-facultad\/sistema-de-garantia-de-calidad\/"},"author":{"name":"Facultad Veterinaria","@id":"https:\/\/www.vet.ulpgc.es\/#\/schema\/person\/d025fd34e26061d01a94416c6506a2d6"},"headline":"Sistema de Gesti\u00f3n de la Calidad","datePublished":"2012-02-01T17:26:28+00:00","dateModified":"2025-12-01T23:49:48+00:00","mainEntityOfPage":{"@id":"https:\/\/www.vet.ulpgc.es\/la-facultad\/sistema-de-garantia-de-calidad\/"},"wordCount":2614,"publisher":{"@id":"https:\/\/www.vet.ulpgc.es\/#organization"},"image":{"@id":"https:\/\/www.vet.ulpgc.es\/la-facultad\/sistema-de-garantia-de-calidad\/#primaryimage"},"thumbnailUrl":"https:\/\/www.vet.ulpgc.es\/wp-content\/uploads\/elementor\/thumbs\/Certificado-AUDIT_ULPGC_Fac.-Veterinaria-q7rg3wlikvyh7qb2ghvy5w6w6o2tim84d35j1i3jaa.png","inLanguage":"en-GB"},{"@type":"WebPage","@id":"https:\/\/www.vet.ulpgc.es\/la-facultad\/sistema-de-garantia-de-calidad\/","url":"https:\/\/www.vet.ulpgc.es\/la-facultad\/sistema-de-garantia-de-calidad\/","name":"Sistema de Gesti\u00f3n de la Calidad - Facultad de Veterinaria - Universidad de Las Palmas de Gran Canaria","isPartOf":{"@id":"https:\/\/www.vet.ulpgc.es\/#website"},"primaryImageOfPage":{"@id":"https:\/\/www.vet.ulpgc.es\/la-facultad\/sistema-de-garantia-de-calidad\/#primaryimage"},"image":{"@id":"https:\/\/www.vet.ulpgc.es\/la-facultad\/sistema-de-garantia-de-calidad\/#primaryimage"},"thumbnailUrl":"https:\/\/www.vet.ulpgc.es\/wp-content\/uploads\/elementor\/thumbs\/Certificado-AUDIT_ULPGC_Fac.-Veterinaria-q7rg3wlikvyh7qb2ghvy5w6w6o2tim84d35j1i3jaa.png","datePublished":"2012-02-01T17:26:28+00:00","dateModified":"2025-12-01T23:49:48+00:00","description":"Sistema de Gesti\u00f3n de la Calidad de la Facultad de Veterinaria de la universidad de Las Palmas de Gran Canaria.","breadcrumb":{"@id":"https:\/\/www.vet.ulpgc.es\/la-facultad\/sistema-de-garantia-de-calidad\/#breadcrumb"},"inLanguage":"en-GB","potentialAction":[{"@type":"ReadAction","target":["https:\/\/www.vet.ulpgc.es\/la-facultad\/sistema-de-garantia-de-calidad\/"]}]},{"@type":"ImageObject","inLanguage":"en-GB","@id":"https:\/\/www.vet.ulpgc.es\/la-facultad\/sistema-de-garantia-de-calidad\/#primaryimage","url":"https:\/\/www.vet.ulpgc.es\/wp-content\/uploads\/elementor\/thumbs\/Certificado-AUDIT_ULPGC_Fac.-Veterinaria-q7rg3wlikvyh7qb2ghvy5w6w6o2tim84d35j1i3jaa.png","contentUrl":"https:\/\/www.vet.ulpgc.es\/wp-content\/uploads\/elementor\/thumbs\/Certificado-AUDIT_ULPGC_Fac.-Veterinaria-q7rg3wlikvyh7qb2ghvy5w6w6o2tim84d35j1i3jaa.png"},{"@type":"BreadcrumbList","@id":"https:\/\/www.vet.ulpgc.es\/la-facultad\/sistema-de-garantia-de-calidad\/#breadcrumb","itemListElement":[{"@type":"ListItem","position":1,"name":"Inicio","item":"https:\/\/www.vet.ulpgc.es\/"},{"@type":"ListItem","position":2,"name":"La Facultad","item":"https:\/\/www.vet.ulpgc.es\/la-facultad\/"},{"@type":"ListItem","position":3,"name":"Sistema de Gesti\u00f3n de la Calidad"}]},{"@type":"WebSite","@id":"https:\/\/www.vet.ulpgc.es\/#website","url":"https:\/\/www.vet.ulpgc.es\/","name":"Faculty of Veterinary Medicine - University of Las Palmas de Gran Canaria","description":"ULPGC","publisher":{"@id":"https:\/\/www.vet.ulpgc.es\/#organization"},"potentialAction":[{"@type":"SearchAction","target":{"@type":"EntryPoint","urlTemplate":"https:\/\/www.vet.ulpgc.es\/?s={search_term_string}"},"query-input":{"@type":"PropertyValueSpecification","valueRequired":true,"valueName":"search_term_string"}}],"inLanguage":"en-GB"},{"@type":"Organization","@id":"https:\/\/www.vet.ulpgc.es\/#organization","name":"ULPGC Faculty of Veterinary Medicine","alternateName":"Facultad de Veterinaria de Las Palmas","url":"https:\/\/www.vet.ulpgc.es\/","logo":{"@type":"ImageObject","inLanguage":"en-GB","@id":"https:\/\/www.vet.ulpgc.es\/#\/schema\/logo\/image\/","url":"","contentUrl":"","caption":"Facultad de Veterinaria ULPGC"},"image":{"@id":"https:\/\/www.vet.ulpgc.es\/#\/schema\/logo\/image\/"}},{"@type":"Person","@id":"https:\/\/www.vet.ulpgc.es\/#\/schema\/person\/d025fd34e26061d01a94416c6506a2d6","name":"Facultad Veterinaria","image":{"@type":"ImageObject","inLanguage":"en-GB","@id":"https:\/\/secure.gravatar.com\/avatar\/fa74362430e1b1b376c0b027c2757acdf7cc58d6cc45bd094b2c6bd1211821fa?s=96&d=mm&r=g","url":"https:\/\/secure.gravatar.com\/avatar\/fa74362430e1b1b376c0b027c2757acdf7cc58d6cc45bd094b2c6bd1211821fa?s=96&d=mm&r=g","contentUrl":"https:\/\/secure.gravatar.com\/avatar\/fa74362430e1b1b376c0b027c2757acdf7cc58d6cc45bd094b2c6bd1211821fa?s=96&d=mm&r=g","caption":"Facultad Veterinaria"},"sameAs":["https:\/\/fv.ulpgc.es"],"url":"https:\/\/www.vet.ulpgc.es\/en\/author\/facultad-veterinaria\/"}]}},"_links":{"self":[{"href":"https:\/\/www.vet.ulpgc.es\/en\/wp-json\/wp\/v2\/pages\/47","targetHints":{"allow":["GET"]}}],"collection":[{"href":"https:\/\/www.vet.ulpgc.es\/en\/wp-json\/wp\/v2\/pages"}],"about":[{"href":"https:\/\/www.vet.ulpgc.es\/en\/wp-json\/wp\/v2\/types\/page"}],"author":[{"embeddable":true,"href":"https:\/\/www.vet.ulpgc.es\/en\/wp-json\/wp\/v2\/users\/1"}],"replies":[{"embeddable":true,"href":"https:\/\/www.vet.ulpgc.es\/en\/wp-json\/wp\/v2\/comments?post=47"}],"version-history":[{"count":0,"href":"https:\/\/www.vet.ulpgc.es\/en\/wp-json\/wp\/v2\/pages\/47\/revisions"}],"up":[{"embeddable":true,"href":"https:\/\/www.vet.ulpgc.es\/en\/wp-json\/wp\/v2\/pages\/30"}],"wp:attachment":[{"href":"https:\/\/www.vet.ulpgc.es\/en\/wp-json\/wp\/v2\/media?parent=47"}],"curies":[{"name":"wp","href":"https:\/\/api.w.org\/{rel}","templated":true}]}}